{"version":"1.0","provider_name":"Club Cecot Internacionalitzaci\u00f3","provider_url":"https:\/\/www.cecotinternacionalitzacio.org\/es\/","author_name":"Club Cecot Inter.","author_url":"https:\/\/www.cecotinternacionalitzacio.org\/es\/author\/club_admin\/","title":"Entrevista a Alfonso Trivi\u00f1o: \"Tenir definida la proposta de valor \u00e9s b\u00e0sic per iniciar-se en el comer\u00e7 exterior\" - Club Cecot Internacionalitzaci\u00f3","type":"rich","width":600,"height":338,"html":"<blockquote class=\"wp-embedded-content\" data-secret=\"tlkngScqGs\"><a href=\"https:\/\/www.cecotinternacionalitzacio.org\/es\/entrevista-alfonso-trivino\/\">Entrevista a Alfonso Trivi\u00f1o: \u00abTenir definida la proposta de valor \u00e9s b\u00e0sic per iniciar-se en el comer\u00e7 exterior\u00bb<\/a><\/blockquote><iframe sandbox=\"allow-scripts\" security=\"restricted\" src=\"https:\/\/www.cecotinternacionalitzacio.org\/es\/entrevista-alfonso-trivino\/embed\/#?secret=tlkngScqGs\" width=\"600\" height=\"338\" title=\"\u00abEntrevista a Alfonso Trivi\u00f1o: \u00abTenir definida la proposta de valor \u00e9s b\u00e0sic per iniciar-se en el comer\u00e7 exterior\u00bb\u00bb \u2014 Club Cecot Internacionalitzaci\u00f3\" data-secret=\"tlkngScqGs\" frameborder=\"0\" marginwidth=\"0\" marginheight=\"0\" scrolling=\"no\" class=\"wp-embedded-content\"><\/iframe><script type=\"text\/javascript\">\n\/* <![CDATA[ *\/\n\/*! This file is auto-generated *\/\n!function(d,l){\"use strict\";l.querySelector&&d.addEventListener&&\"undefined\"!=typeof URL&&(d.wp=d.wp||{},d.wp.receiveEmbedMessage||(d.wp.receiveEmbedMessage=function(e){var t=e.data;if((t||t.secret||t.message||t.value)&&!\/[^a-zA-Z0-9]\/.test(t.secret)){for(var s,r,n,a=l.querySelectorAll('iframe[data-secret=\"'+t.secret+'\"]'),o=l.querySelectorAll('blockquote[data-secret=\"'+t.secret+'\"]'),c=new RegExp(\"^https?:$\",\"i\"),i=0;i<o.length;i++)o[i].style.display=\"none\";for(i=0;i<a.length;i++)s=a[i],e.source===s.contentWindow&&(s.removeAttribute(\"style\"),\"height\"===t.message?(1e3<(r=parseInt(t.value,10))?r=1e3:~~r<200&&(r=200),s.height=r):\"link\"===t.message&&(r=new URL(s.getAttribute(\"src\")),n=new URL(t.value),c.test(n.protocol))&&n.host===r.host&&l.activeElement===s&&(d.top.location.href=t.value))}},d.addEventListener(\"message\",d.wp.receiveEmbedMessage,!1),l.addEventListener(\"DOMContentLoaded\",function(){for(var e,t,s=l.querySelectorAll(\"iframe.wp-embedded-content\"),r=0;r<s.length;r++)(t=(e=s[r]).getAttribute(\"data-secret\"))||(t=Math.random().toString(36).substring(2,12),e.src+=\"#?secret=\"+t,e.setAttribute(\"data-secret\",t)),e.contentWindow.postMessage({message:\"ready\",secret:t},\"*\")},!1)))}(window,document);\n\/\/# sourceURL=https:\/\/www.cecotinternacionalitzacio.org\/wp-includes\/js\/wp-embed.min.js\n\/* ]]> *\/\n<\/script>\n","description":"Alfonso Trivi\u00f1o, \u00a0director de l&#8217;Editorial Clie Amb\u00a0m\u00e9s de 2.500 t\u00edtols publicats, Editorial CLIE \u00e9s, pel volum de t\u00edtols, la major casa editora al m\u00f3n de llibres cristians en espanyol. Est\u00e0 en possessi\u00f3 de la medalla de plata al m\u00e8rit exportador i va ser seleccionada per dos anys consecutius, 1996 i 1997, per votaci\u00f3 de les &hellip;... Llegir m\u00e9s &raquo;","thumbnail_url":"https:\/\/www.cecotinternacionalitzacio.org\/wp-content\/uploads\/2017\/05\/Alfonso.jpg"}